{"id":32,"date":"2014-07-10T11:55:47","date_gmt":"2014-07-10T15:55:47","guid":{"rendered":"http:\/\/md.rcm.upr.edu\/orthopedic\/?page_id=32"},"modified":"2025-07-14T14:08:17","modified_gmt":"2025-07-14T18:08:17","slug":"graduated-residents","status":"publish","type":"page","link":"https:\/\/md.rcm.upr.edu\/orthopedic\/graduated-residents\/","title":{"rendered":"Alumni"},"content":{"rendered":"<div class=\"wpb-content-wrapper\"><p>[vc_section][vc_row][vc_column width=&#8221;1\/3&#8243;][vc_single_image image=&#8221;2141&#8243; img_size=&#8221;medium&#8221; css=&#8221;&#8221;][\/vc_column][vc_column width=&#8221;1\/3&#8243;][vc_column_text css=&#8221;&#8221;]<strong>Class of 2025<\/strong><\/p>\n<p>Marcantonio V. Pinci, MD<br \/>\nLenny L. Rivera Rosario, MD<br \/>\nHans W. Hess Arcelay, MD<br \/>\nJorge J. Ochoa Alem\u00e1n, MD[\/vc_column_text][\/vc_column][vc_column width=&#8221;1\/3&#8243;][\/vc_column][\/vc_row][vc_row][vc_column width=&#8221;1\/3&#8243;][vc_single_image image=&#8221;2140&#8243; img_size=&#8221;medium&#8221; css=&#8221;&#8221;][\/vc_column][vc_column width=&#8221;1\/3&#8243;][vc_column_text css=&#8221;&#8221;]<strong>Class of 2024<\/strong><\/p>\n<p>Luis A. Bisbal Matos, MD<br \/>\nGabriel J. Echegaray Casalduc, MD<br \/>\nChristian Gonz\u00e1lez Torres, MD<br \/>\nRicardo J. Abreu Irizarry, MD[\/vc_column_text][\/vc_column][vc_column width=&#8221;1\/3&#8243;][\/vc_column][\/vc_row][vc_row][vc_column width=&#8221;1\/3&#8243;][vc_single_image image=&#8221;2059&#8243; img_size=&#8221;medium&#8221;][\/vc_column][vc_column width=&#8221;1\/3&#8243;][vc_column_text]<strong>Class of 2023<\/strong><\/p>\n<p>Lucas G. De Virgilio Salgado, MD<br \/>\nRub\u00e9n A. Tresgallo Par\u00e9s, MD<br \/>\nRoberto G. Col\u00f3n Miranda, MD<br \/>\nArnaldo Mart\u00ednez Rivera, MD[\/vc_column_text][\/vc_column][vc_column width=&#8221;1\/3&#8243;][\/vc_column][\/vc_row][\/vc_section][vc_section][vc_row][vc_column width=&#8221;1\/3&#8243;][vc_single_image image=&#8221;2016&#8243; img_size=&#8221;medium&#8221;][\/vc_column][vc_column width=&#8221;1\/3&#8243;][vc_column_text]<strong>Class of 2022<\/strong><\/p>\n<p>Omar E. Rodr\u00edguez Alejandro, MD<br \/>\nDanny Mangual P\u00e9rez, MD<br \/>\nManuel A. Ram\u00edrez Gonz\u00e1lez, MD<br \/>\nDavid Beat\u00f3n Comulada, MD[\/vc_column_text][\/vc_column][vc_column width=&#8221;1\/3&#8243;][\/vc_column][\/vc_row][\/vc_section][vc_row][vc_column width=&#8221;1\/3&#8243;][vc_single_image image=&#8221;1970&#8243; img_size=&#8221;medium&#8221;][\/vc_column][vc_column width=&#8221;1\/3&#8243;][vc_column_text]<strong>Class of 2021<\/strong><\/p>\n<p>Jos\u00e9 C. P\u00e9rez L\u00f3pez, MD<br \/>\nEdwin G. Rosado Hern\u00e1ndez, MD<br \/>\nEduardo J. Natal Albelo, MD<br \/>\nElena M. Iguina Gonz\u00e1lez, MD[\/vc_column_text][\/vc_column][vc_column width=&#8221;1\/3&#8243;][\/vc_column][\/vc_row][vc_row][vc_column width=&#8221;1\/3&#8243;][vc_single_image image=&#8221;1919&#8243; img_size=&#8221;medium&#8221;][\/vc_column][vc_column width=&#8221;1\/3&#8243;][vc_column_text]<strong>Class of 2020<\/strong><\/p>\n<p>Luis F. Carrazana Su\u00e1rez, MD<br \/>\nEdwin L. Portalat\u00edn P\u00e9rez, MD<br \/>\nManuel A. Rodr\u00edguez P\u00e9rez, MD<br \/>\nSamuel A. Fern\u00e1ndez P\u00e9rez, MD[\/vc_column_text][\/vc_column][vc_column width=&#8221;1\/3&#8243;][\/vc_column][\/vc_row][vc_row][vc_column width=&#8221;1\/3&#8243;][vc_single_image image=&#8221;1859&#8243; img_size=&#8221;medium&#8221;][\/vc_column][vc_column width=&#8221;1\/3&#8243;][vc_column_text]<strong>Class of 2019<\/strong><\/p>\n<p>Pablo A. Marrero Barrera, MD<br \/>\nEric Astacio Gonz\u00e1lez, MD<br \/>\nAndr\u00e9s R. Mu\u00f1iz Mart\u00ednez, MD<br \/>\nSa\u00fal Hern\u00e1ndez Rodr\u00edguez, MD[\/vc_column_text][\/vc_column][vc_column width=&#8221;1\/3&#8243;][\/vc_column][\/vc_row][vc_row][vc_column width=&#8221;1\/3&#8243;][vc_single_image image=&#8221;1567&#8243; img_size=&#8221;medium&#8221;][\/vc_column][vc_column width=&#8221;1\/3&#8243;][vc_column_text]<strong class=\"photoswipe-wrapper\">Class of 2018<\/strong><\/p>\n<p>Rom\u00e1n G. Guerrero Maestre, MD<br \/>\nEmanuel Rivera Rosado, MD<br \/>\nRoberto C. Hern\u00e1ndez Irizarry, MD<br \/>\nRafael Walker Santiago, MD[\/vc_column_text][\/vc_column][vc_column width=&#8221;1\/3&#8243;][\/vc_column][\/vc_row][vc_row][vc_column width=&#8221;1\/3&#8243;][vc_single_image image=&#8221;1361&#8243; img_size=&#8221;medium&#8221;][\/vc_column][vc_column width=&#8221;1\/3&#8243;][vc_column_text]<strong>Class of 2017<\/strong><\/p>\n<p>Oscar A. Duyos Garc\u00eda, MD<br \/>\nEric G. Hern\u00e1ndez Ortiz, MD<br \/>\nGiovanni U. Paraliticci M\u00e1rquez, MD<br \/>\nBorja Santaella Sant\u00e9, MD[\/vc_column_text][\/vc_column][vc_column width=&#8221;1\/3&#8243;][\/vc_column][\/vc_row][vc_row][vc_column width=&#8221;1\/3&#8243;][vc_single_image image=&#8221;1310&#8243; img_size=&#8221;medium&#8221;][\/vc_column][vc_column width=&#8221;1\/3&#8243;][vc_column_text]<strong>Class of 2016<\/strong><\/p>\n<p>Charles E. Zierenberg Garc\u00eda, MD<br \/>\nJosu\u00e9 D. Acevedo Nieves, MD<br \/>\nClaudio Ballester Vargas, MD<br \/>\nAriel D. D\u00e1vila Parrilla, MD[\/vc_column_text][\/vc_column][vc_column width=&#8221;1\/3&#8243;][\/vc_column][\/vc_row][vc_row][vc_column width=&#8221;1\/3&#8243;][vc_single_image image=&#8221;1125&#8243; img_size=&#8221;medium&#8221;][\/vc_column][vc_column width=&#8221;1\/3&#8243;][vc_column_text]<strong>Class of 2015<\/strong><\/p>\n<p>Eduardo J. Colom Beauchamp, MD<br \/>\nDavid Rodr\u00edguez Quintana, MD<br \/>\nOmar M. P\u00e9rez Carrillo, MD<br \/>\nV\u00edctor R. Ort\u00edz Declet, MD[\/vc_column_text][\/vc_column][vc_column width=&#8221;1\/3&#8243;][\/vc_column][\/vc_row][vc_row][vc_column width=&#8221;1\/3&#8243;][vc_single_image image=&#8221;1129&#8243; img_size=&#8221;medium&#8221;][\/vc_column][vc_column width=&#8221;1\/3&#8243;][vc_column_text]<strong>Class of 2014<\/strong><\/p>\n<p>Ricardo D. Fontanet S\u00e1nchez, MD<br \/>\nKarl A. Vega Lelkes, MD<br \/>\nFranz A. Pino Delgado, MD<br \/>\nErnesto R. Otero L\u00f3pez, MD[\/vc_column_text][\/vc_column][vc_column width=&#8221;1\/3&#8243;][\/vc_column][\/vc_row][vc_row][vc_column width=&#8221;1\/3&#8243;][vc_single_image image=&#8221;1134&#8243; img_size=&#8221;medium&#8221;][\/vc_column][vc_column width=&#8221;1\/3&#8243;][vc_column_text]<strong>Class of 2013<\/strong><\/p>\n<p>V\u00edctor H. Hern\u00e1ndez Polo, MD<br \/>\nLissette Salgueiro Canetti, MD<br \/>\nErnesto J. Del Valle Hern\u00e1ndez, MD<br \/>\nChristopher Alcal\u00e1 M\u00e1rquez, MD[\/vc_column_text][\/vc_column][vc_column width=&#8221;1\/3&#8243;][\/vc_column][\/vc_row][vc_row][vc_column width=&#8221;1\/3&#8243;][vc_single_image image=&#8221;1133&#8243; img_size=&#8221;medium&#8221;][\/vc_column][vc_column width=&#8221;1\/3&#8243;][vc_column_text]<strong>Class of 2012<\/strong><\/p>\n<p>Rub\u00e9n Torrealba Rodr\u00edguez, MD<br \/>\nEnrique J. Garc\u00eda Pe\u00f1a, MD<br \/>\nBeatriz E. Garc\u00eda Cardona, MD<br \/>\nEdil O. Jim\u00e9nez P\u00e9rez, MD[\/vc_column_text][\/vc_column][vc_column width=&#8221;1\/3&#8243;][\/vc_column][\/vc_row][vc_row][vc_column width=&#8221;1\/3&#8243;][vc_single_image image=&#8221;1139&#8243; img_size=&#8221;medium&#8221;][\/vc_column][vc_column width=&#8221;1\/3&#8243;][vc_column_text]<strong>Class of 2011<\/strong><\/p>\n<p>Carlos J. P\u00e9rez L\u00f3pez, MD<br \/>\nYesenia M. Rodr\u00edguez \u00c1lvarez, MD<br \/>\nGabriel Garc\u00eda D\u00edaz, MD<br \/>\nOmar Morales Abella, MD[\/vc_column_text][\/vc_column][vc_column width=&#8221;1\/3&#8243;][\/vc_column][\/vc_row][vc_row][vc_column width=&#8221;1\/3&#8243;][vc_single_image image=&#8221;1140&#8243; img_size=&#8221;medium&#8221;][\/vc_column][vc_column width=&#8221;1\/3&#8243;][vc_column_text]<strong>Class of 2010<\/strong><\/p>\n<p>Jorge E. Soto del Cueto, MD<br \/>\nJorge L. Rom\u00e1n Deynes, MD<br \/>\nArnaldo I. Rodr\u00edguez Santiago, MD<br \/>\nMauro Fern\u00e1ndez Gonz\u00e1lez, MD[\/vc_column_text][\/vc_column][vc_column width=&#8221;1\/3&#8243;][\/vc_column][\/vc_row][vc_row][vc_column width=&#8221;1\/3&#8243;][vc_single_image image=&#8221;1141&#8243; img_size=&#8221;medium&#8221;][\/vc_column][vc_column width=&#8221;1\/3&#8243;][vc_column_text]<strong>Class of 2<\/strong><strong>009<\/strong><\/p>\n<p>Jos\u00e9 M. Massanet Vollrath, MD<br \/>\nLuis G. Marrero P\u00e9rez, MD<br \/>\nChristian A. Foy Parrilla, MD<br \/>\nAlberto R. Rivera Rosado, MD[\/vc_column_text][\/vc_column][vc_column width=&#8221;1\/3&#8243;][\/vc_column][\/vc_row][vc_row][vc_column width=&#8221;1\/3&#8243;][vc_single_image image=&#8221;1142&#8243; img_size=&#8221;medium&#8221;][\/vc_column][vc_column width=&#8221;1\/3&#8243;][vc_column_text]<strong>Class of 2008<\/strong><\/p>\n<p>Jos\u00e9 L. P\u00e9rez Maldonado, MD<br \/>\nMirylsa Col\u00f3n Mart\u00ednez, MD<br \/>\nRichard G. Valenzuela Rodr\u00edguez, MD<br \/>\nHumberto Guzm\u00e1n P\u00e9rez, MD[\/vc_column_text][\/vc_column][vc_column width=&#8221;1\/3&#8243;][\/vc_column][\/vc_row][vc_row][vc_column width=&#8221;1\/3&#8243;][vc_single_image image=&#8221;1143&#8243; img_size=&#8221;medium&#8221;][\/vc_column][vc_column width=&#8221;1\/3&#8243;][vc_column_text]<strong>Clas<\/strong><strong>s of 2007<\/strong><\/p>\n<p>Ariel Chac\u00f3n Balado, MD<br \/>\nLuis F. Lojo Sojo, MD<br \/>\nJavier Delgado Candelario, MD<br \/>\nGladys Ramos Maldonado, MD[\/vc_column_text][\/vc_column][vc_column width=&#8221;1\/3&#8243;][\/vc_column][\/vc_row][vc_row][vc_column width=&#8221;1\/3&#8243;][vc_single_image image=&#8221;1144&#8243; img_size=&#8221;medium&#8221;][\/vc_column][vc_column width=&#8221;1\/3&#8243;][vc_column_text]<strong>Class of 2006<\/strong><\/p>\n<p>Gilberto Alvarado D\u00edaz, MD<br \/>\nMaritza Loinaz Rivera, MD<br \/>\nFernando Villamil Wiscovitch, MD<br \/>\nFernando Vilella Hern\u00e1ndez, MD[\/vc_column_text][\/vc_column][vc_column width=&#8221;1\/3&#8243;][\/vc_column][\/vc_row][vc_row][vc_column width=&#8221;1\/3&#8243;][vc_single_image image=&#8221;1145&#8243; img_size=&#8221;medium&#8221;][\/vc_column][vc_column width=&#8221;1\/3&#8243;][vc_column_text]<strong>Class of 2005<\/strong><\/p>\n<p>Artemio Torres Mart\u00ednez, MD<br \/>\nYamil Rivera Col\u00f3n, MD<br \/>\nRub\u00e9n Hern\u00e1ndez Santiago, MD<br \/>\nFrancisco Otero L\u00f3pez, MD[\/vc_column_text][\/vc_column][vc_column width=&#8221;1\/3&#8243;][\/vc_column][\/vc_row][vc_row][vc_column width=&#8221;1\/3&#8243;][vc_single_image image=&#8221;1147&#8243; img_size=&#8221;medium&#8221;][\/vc_column][vc_column width=&#8221;1\/3&#8243;][vc_column_text]<strong>Class of 2004<\/strong><\/p>\n<p>C\u00e9sar Bravo Torres, MD<br \/>\nIv\u00e1n H. Pacheco L\u00f3pez, MD<br \/>\nPedro J. Tort Saad\u00e9, MD<br \/>\nPedro A. Piz\u00e1 Ramos, MD[\/vc_column_text][\/vc_column][vc_column width=&#8221;1\/3&#8243;][\/vc_column][\/vc_row]<\/p>\n<\/div>","protected":false},"excerpt":{"rendered":"<p>[vc_section][vc_row][vc_column width=&#8221;1\/3&#8243;][vc_single_image image=&#8221;2141&#8243; img_size=&#8221;medium&#8221; css=&#8221;&#8221;][\/vc_column][vc_column width=&#8221;1\/3&#8243;][vc_column_text css=&#8221;&#8221;]Class of 2025 Marcantonio V. Pinci, MD Lenny L. Rivera Rosario, MD Hans W. Hess Arcelay, MD Jorge J. Ochoa Alem\u00e1n, MD[\/vc_column_text][\/vc_column][vc_column width=&#8221;1\/3&#8243;][\/vc_column][\/vc_row][vc_row][vc_column width=&#8221;1\/3&#8243;][vc_single_image image=&#8221;2140&#8243; img_size=&#8221;medium&#8221; css=&#8221;&#8221;][\/vc_column][vc_column width=&#8221;1\/3&#8243;][vc_column_text css=&#8221;&#8221;]Class of 2024 Luis A. Bisbal Matos, MD Gabriel J. Echegaray Casalduc, MD Christian Gonz\u00e1lez Torres, MD Ricardo J. Abreu Irizarry,&hellip;<\/p>\n","protected":false},"author":1,"featured_media":0,"parent":0,"menu_order":0,"comment_status":"closed","ping_status":"closed","template":"","meta":{"footnotes":""},"class_list":["post-32","page","type-page","status-publish","hentry","description-off"],"_links":{"self":[{"href":"https:\/\/md.rcm.upr.edu\/orthopedic\/wp-json\/wp\/v2\/pages\/32","targetHints":{"allow":["GET"]}}],"collection":[{"href":"https:\/\/md.rcm.upr.edu\/orthopedic\/wp-json\/wp\/v2\/pages"}],"about":[{"href":"https:\/\/md.rcm.upr.edu\/orthopedic\/wp-json\/wp\/v2\/types\/page"}],"author":[{"embeddable":true,"href":"https:\/\/md.rcm.upr.edu\/orthopedic\/wp-json\/wp\/v2\/users\/1"}],"replies":[{"embeddable":true,"href":"https:\/\/md.rcm.upr.edu\/orthopedic\/wp-json\/wp\/v2\/comments?post=32"}],"version-history":[{"count":3,"href":"https:\/\/md.rcm.upr.edu\/orthopedic\/wp-json\/wp\/v2\/pages\/32\/revisions"}],"predecessor-version":[{"id":2143,"href":"https:\/\/md.rcm.upr.edu\/orthopedic\/wp-json\/wp\/v2\/pages\/32\/revisions\/2143"}],"wp:attachment":[{"href":"https:\/\/md.rcm.upr.edu\/orthopedic\/wp-json\/wp\/v2\/media?parent=32"}],"curies":[{"name":"wp","href":"https:\/\/api.w.org\/{rel}","templated":true}]}}